{"id":3064,"date":"2025-04-13T09:11:47","date_gmt":"2025-04-13T09:11:47","guid":{"rendered":"https:\/\/greatermiramichisc.ca\/development\/planning-review-adjustment-committee\/"},"modified":"2026-04-15T14:40:52","modified_gmt":"2026-04-15T14:40:52","slug":"comite-dexamen-et-dajustement-de-la-planification-crp","status":"publish","type":"page","link":"https:\/\/greatermiramichisc.ca\/fr\/services-damenagement\/comite-dexamen-et-dajustement-de-la-planification-crp\/","title":{"rendered":"Comit\u00e9 d&rsquo;examen et d&rsquo;ajustement de la planification (CRP)"},"content":{"rendered":"\n<h2>\n\t\t<a href=\"https:\/\/greatermiramichisc.ca\/fr\/services-damenagement\/\" title=\"Services d&#039;am\u00e9nagement:\"  target=\"_self\">\n\t\t\tServices d&rsquo;am\u00e9nagement:\t\t<\/a>\n\t<\/h2>\n\t<nav aria-label=\"breadcrumbs\">\n            <div class=\"breadcrumb-container theme1\">\n                <ol>\n                                    <\/ol>\n            <\/div>\n        <\/nav>    <script type=\"application\/ld+json\">\n        {\n            \"@context\": \"http:\/\/schema.org\",\n            \"@type\": \"BreadcrumbList\",\n            \"itemListElement\": [\n                            ]\n        }\n    <\/script>\n   \n    <script>\n            <\/script>\n\n<h2>\n\t\t\tComit\u00e9 d&rsquo;examen et d&rsquo;ajustement de la planification (CRP)\t<\/h2>\n\t<p>La r\u00e9gion du Grand Miramichi a deux CPR: un pour la ville de Miramichi et un pour le reste de la r\u00e9gion desservie par la Commission de services du Grand Miramichi. Nomm\u00e9s par le conseil de la CSGM, ces comit\u00e9s jouent un r\u00f4le important dans le conseil et la prise de d\u00e9cision en vertu de la loi sur l&rsquo;am\u00e9nagement communautaire.<\/p>\n<p>De l&rsquo;examen des d\u00e9rogations au zonage et des utilisations conditionnelles \u00e0 la formulation de conseils sur les plans de lotissement et les infrastructures, les d\u00e9cisions du CRPjouent un r\u00f4le cl\u00e9 dans l&rsquo;orientation de la croissance et du d\u00e9veloppement des communaut\u00e9s. Leur travail est soutenu par des urbanistes professionnels et r\u00e9gi par le r\u00e8glement et les proc\u00e9dures op\u00e9rationnelles du CRP.<\/p>\n<p>Que vous planifiez un projet d&rsquo;am\u00e9nagement ou proposiez un changement d&rsquo;affectation d&rsquo;un terrain, le CRP veille \u00e0 ce que la croissance de notre r\u00e9gion soit r\u00e9fl\u00e9chie, \u00e9quilibr\u00e9e et conforme aux r\u00e9glementations locales et provinciales.<\/p>\n<h2>\n\t\t\tMembres du CRP\t<\/h2>\n\t<p><strong>Ville de Miramichi<\/strong><\/p>\n<ul>\n<li>Bill Treadwell<\/li>\n<li>Joe Veriker<\/li>\n<li>Shayan Faal<\/li>\n<li>Kris Jardine<\/li>\n<\/ul>\n\t<p><strong>CRP r\u00e9gional<\/strong><\/p>\n<ul>\n<li>Glen Harding (pr\u00e9sident)<\/li>\n<li>Lynn Gregan (vice-pr\u00e9sident)<\/li>\n<li>David Donahue<\/li>\n<li>Judy Lavergne<\/li>\n<li>Fred King<\/li>\n<li>Jill Brophy<\/li>\n<\/ul>\n<h2>\n\t\t\tPRAC Meetings\t<\/h2>\n\t<p>Les r\u00e9unions sont g\u00e9n\u00e9ralement programm\u00e9es \u00e0 10h00 le troisi\u00e8me mardi de chaque mois.<\/p>\n\t\t\t<a href=\"https:\/\/greatermiramichisc.ca\/event\/city-prac-2\/\"  target=\"_self\">\n\t\t\t\t\t\t\tRejoignez-nous\n\t\t\t\t\t<\/a>\n\t<p>Les r\u00e9unions des PRAC du GMSC sont organis\u00e9es conform\u00e9ment au r\u00e8glement du GMSC.<\/p>\n\t\t\t<a href=\"https:\/\/greatermiramichisc.ca\/wp-content\/uploads\/2025\/11\/2025-01-29-PRAC-By-law.pdf\"  target=\"_self\">\n\t\t\t\t\t\t\tVoir les statuts\n\t\t\t\t\t<\/a>\n<h2>\n\t\t\tORDRE DU JOUR DES R\u00c9UNIONS\t<\/h2>\n\t\t\t\t\t<a role=\"heading\" aria-level=\"2\" tabindex=\"-1\"  id=\"fl-accordion--label-0\">2026<\/a>\n\t\t\t\t\t\t\t\t\t\t\t<button type=\"button\" id=\"fl-accordion--icon-0\" aria-expanded=\"false\" aria-controls=\"fl-accordion--panel-0\"><i>D\u00e9plier<\/i><\/button>\n\t\t\t\t\t<p><a href=\"https:\/\/greatermiramichisc.ca\/wp-content\/uploads\/2026\/03\/Agenda-REGIONAL-PRAC-March-17th-2026.pdf\">Ordere du jour CRP R\u00e9gional 17 mars 2026<\/a><\/p>\n<p><a href=\"https:\/\/greatermiramichisc.ca\/wp-content\/uploads\/2026\/03\/2-Agenda-City-PRAC-March-30h-2026.pdf\">Ordere du jour CRP R\u00e9gional 30 mars 2026<\/a><\/p>\n\t\t\t\t\t<a role=\"heading\" aria-level=\"2\" tabindex=\"-1\"  id=\"fl-accordion--label-1\">2025<\/a>\n\t\t\t\t\t\t\t\t\t\t\t<button type=\"button\" id=\"fl-accordion--icon-1\" aria-expanded=\"false\" aria-controls=\"fl-accordion--panel-1\"><i>D\u00e9plier<\/i><\/button>\n\t\t\t\t\t<ul>\n<li><a href=\"https:\/\/greatermiramichisc.ca\/wp-content\/uploads\/2025\/12\/0C-Agenda-City-PRAC-December-16-2025.pdf\">Ordre du jour CRP 16 D\u00e9cembre 2025<\/a><\/li>\n<li><a href=\"https:\/\/greatermiramichisc.ca\/wp-content\/uploads\/2025\/10\/2025-1120GMSC20Board20Meeting20PACKAGE-compressed.pdf\">Ordre du jour CRP du ville 28 octobre 2025<\/a><\/li>\n<li><a href=\"https:\/\/greatermiramichisc.ca\/wp-content\/uploads\/2025\/09\/1-Agenda-Regional-PRAC-September-16-2025.pdf\">Ordre du jour CRP r\u00e9gional 16 septembre 2025<\/a><\/li>\n<li><a href=\"https:\/\/greatermiramichisc.ca\/wp-content\/uploads\/2025\/09\/1-Agenda-City-PRAC-September-16-2025.pdf\">Ordre du jour CRP du ville 16 septembre 2025<\/a><\/li>\n<li><a href=\"https:\/\/greatermiramichisc.ca\/wp-content\/uploads\/2025\/08\/Agenda20City20PRAC20August2019202025-compressed.pdf\">Ordre du jour CRP de la ville du 19 Ao\u00fbt 2025<\/a><\/li>\n<li><a href=\"https:\/\/greatermiramichisc.ca\/wp-content\/uploads\/2025\/08\/Agenda-City-PRAC-July-22nd-2025.docx\">Ordre du jour CRP de la ville du 22 juillet 2025<\/a><\/li>\n<li><a href=\"https:\/\/greatermiramichisc.ca\/wp-content\/uploads\/2025\/08\/Agenda-City-PRAC-June-25th-2025.docx\">Ordre du jour CRP Ville du 25 juin 2025<\/a><\/li>\n<li><a href=\"https:\/\/greatermiramichisc.ca\/wp-content\/uploads\/2025\/08\/Agenda-City-PRAC-May-29th-2025.docx\">Ordre du jour CRP de la ville du 29 mai 2025<\/a><\/li>\n<li><a href=\"https:\/\/greatermiramichisc.ca\/wp-content\/uploads\/2025\/08\/Agenda-Regional-PRAC-May-29th-2025.docx\">Ordre du jour de la CRP r\u00e9gionale du 29 mai 2025<\/a><\/li>\n<\/ul>\n<h2>\n\t\t\tCOMPTE RENDU DE R\u00c9UNION\t<\/h2>\n\t\t\t\t\t<a role=\"heading\" aria-level=\"2\" tabindex=\"-1\"  id=\"fl-accordion--label-0\">2026<\/a>\n\t\t\t\t\t\t\t\t\t\t\t<button type=\"button\" id=\"fl-accordion--icon-0\" aria-expanded=\"false\" aria-controls=\"fl-accordion--panel-0\"><i>D\u00e9plier<\/i><\/button>\n\t\t\t\t\t<a role=\"heading\" aria-level=\"2\" tabindex=\"-1\"  id=\"fl-accordion--label-1\">2025<\/a>\n\t\t\t\t\t\t\t\t\t\t\t<button type=\"button\" id=\"fl-accordion--icon-1\" aria-expanded=\"false\" aria-controls=\"fl-accordion--panel-1\"><i>D\u00e9plier<\/i><\/button>\n\t\t\t\t\t<p><a href=\"https:\/\/greatermiramichisc.ca\/wp-content\/uploads\/2025\/12\/Minutes-City-PRAC-2025-8-Oct-28-2025.pdf\">CRP de la ville, 28 octobre, 2025<\/a><\/p>\n<p><a href=\"https:\/\/greatermiramichisc.ca\/wp-content\/uploads\/2025\/10\/2-BL-Minutes-City-PRAC-2025-7-Sept-16-2025.pdf\">CRP de la ville, 16 septembre, 2025<\/a><\/p>\n<p><a href=\"https:\/\/greatermiramichisc.ca\/wp-content\/uploads\/2025\/09\/BL-minutes-City-PRAC-2025-6-Aug-19-2025.pdf\">CRP de la ville, 19 ao\u00fbt 2025<\/a><\/p>\n<h2>\n\t\t\tAVIS\t<\/h2>\n\t\t\t\t\t<a role=\"heading\" aria-level=\"2\" tabindex=\"-1\"  id=\"fl-accordion--label-0\">2026<\/a>\n\t\t\t\t\t\t\t\t\t\t\t<button type=\"button\" id=\"fl-accordion--icon-0\" aria-expanded=\"false\" aria-controls=\"fl-accordion--panel-0\"><i>D\u00e9plier<\/i><\/button>\n\t\t\t\t\t<a role=\"heading\" aria-level=\"2\" tabindex=\"-1\"  id=\"fl-accordion--label-1\">2025<\/a>\n\t\t\t\t\t\t\t\t\t\t\t<button type=\"button\" id=\"fl-accordion--icon-1\" aria-expanded=\"false\" aria-controls=\"fl-accordion--panel-1\"><i>D\u00e9plier<\/i><\/button>\n<h2>\n\t\t\tRAPPORTS DU PERSONNEL DE PLANIFICATION\t<\/h2>\n\t\t\t\t\t<a role=\"heading\" aria-level=\"2\" tabindex=\"-1\"  id=\"fl-accordion--label-0\">2026<\/a>\n\t\t\t\t\t\t\t\t\t\t\t<button type=\"button\" id=\"fl-accordion--icon-0\" aria-expanded=\"false\" aria-controls=\"fl-accordion--panel-0\"><i>D\u00e9plier<\/i><\/button>\n\t\t\t\t\t<a role=\"heading\" aria-level=\"2\" tabindex=\"-1\"  id=\"fl-accordion--label-1\">2025<\/a>\n\t\t\t\t\t\t\t\t\t\t\t<button type=\"button\" id=\"fl-accordion--icon-1\" aria-expanded=\"false\" aria-controls=\"fl-accordion--panel-1\"><i>D\u00e9plier<\/i><\/button>\n\t\t\t\t\t<p>\u00c0 venir&#8230;<\/p>\n\n","protected":false},"excerpt":{"rendered":"<p>Services d&rsquo;am\u00e9nagement: Comit\u00e9 d&rsquo;examen et d&rsquo;ajustement de la planification (CRP) La r\u00e9gion du Grand Miramichi a deux CPR: un pour la ville de Miramichi et un pour le reste de&hellip;<\/p>\n","protected":false},"author":1,"featured_media":0,"parent":3051,"menu_order":0,"comment_status":"closed","ping_status":"closed","template":"","meta":{"_acf_changed":false,"footnotes":""},"class_list":["post-3064","page","type-page","status-publish","hentry"],"acf":[],"yoast_head":"<!-- This site is optimized with the Yoast SEO plugin v27.5 - https:\/\/yoast.com\/product\/yoast-seo-wordpress\/ -->\n<title>Comit\u00e9 d&#039;examen et d&#039;ajustement de la planification (CRP) | Greater Miramichi Service Commission<\/title>\n<meta name=\"description\" content=\"Want to learn more about the Greater Miramichi Service Commission? Visit our Comit\u00e9 d&#039;examen et d&#039;ajustement de la planification (CRP) page to learn more!\" \/>\n<meta name=\"robots\" content=\"index, follow, max-snippet:-1, max-image-preview:large, max-video-preview:-1\" \/>\n<link rel=\"canonical\" href=\"https:\/\/greatermiramichisc.ca\/fr\/services-damenagement\/comite-dexamen-et-dajustement-de-la-planification-crp\/\" \/>\n<meta property=\"og:locale\" content=\"fr_FR\" \/>\n<meta property=\"og:type\" content=\"article\" \/>\n<meta property=\"og:title\" content=\"Comit\u00e9 d&#039;examen et d&#039;ajustement de la planification (CRP) | Greater Miramichi Service Commission\" \/>\n<meta property=\"og:description\" content=\"Want to learn more about the Greater Miramichi Service Commission? Visit our Comit\u00e9 d&#039;examen et d&#039;ajustement de la planification (CRP) page to learn more!\" \/>\n<meta property=\"og:url\" content=\"https:\/\/greatermiramichisc.ca\/fr\/services-damenagement\/comite-dexamen-et-dajustement-de-la-planification-crp\/\" \/>\n<meta property=\"og:site_name\" content=\"Greater Miramichi Service Commission\" \/>\n<meta property=\"article:modified_time\" content=\"2026-04-15T14:40:52+00:00\" \/>\n<meta property=\"og:image\" content=\"https:\/\/greatermiramichisc.ca\/wp-content\/uploads\/2025\/04\/RegionalStrategyVid.png\" \/>\n\t<meta property=\"og:image:width\" content=\"1020\" \/>\n\t<meta property=\"og:image:height\" content=\"574\" \/>\n\t<meta property=\"og:image:type\" content=\"image\/png\" \/>\n<meta name=\"twitter:card\" content=\"summary_large_image\" \/>\n<meta name=\"twitter:label1\" content=\"Dur\u00e9e de lecture estim\u00e9e\" \/>\n\t<meta name=\"twitter:data1\" content=\"2 minutes\" \/>\n<script type=\"application\/ld+json\" class=\"yoast-schema-graph\">{\"@context\":\"https:\\\/\\\/schema.org\",\"@graph\":[{\"@type\":\"WebPage\",\"@id\":\"https:\\\/\\\/greatermiramichisc.ca\\\/fr\\\/services-damenagement\\\/comite-dexamen-et-dajustement-de-la-planification-crp\\\/\",\"url\":\"https:\\\/\\\/greatermiramichisc.ca\\\/fr\\\/services-damenagement\\\/comite-dexamen-et-dajustement-de-la-planification-crp\\\/\",\"name\":\"Comit\u00e9 d'examen et d'ajustement de la planification (CRP) | Greater Miramichi Service Commission\",\"isPartOf\":{\"@id\":\"https:\\\/\\\/greatermiramichisc.ca\\\/#website\"},\"datePublished\":\"2025-04-13T09:11:47+00:00\",\"dateModified\":\"2026-04-15T14:40:52+00:00\",\"description\":\"Want to learn more about the Greater Miramichi Service Commission? Visit our Comit\u00e9 d'examen et d'ajustement de la planification (CRP) page to learn more!\",\"breadcrumb\":{\"@id\":\"https:\\\/\\\/greatermiramichisc.ca\\\/fr\\\/services-damenagement\\\/comite-dexamen-et-dajustement-de-la-planification-crp\\\/#breadcrumb\"},\"inLanguage\":\"fr-FR\",\"potentialAction\":[{\"@type\":\"ReadAction\",\"target\":[\"https:\\\/\\\/greatermiramichisc.ca\\\/fr\\\/services-damenagement\\\/comite-dexamen-et-dajustement-de-la-planification-crp\\\/\"]}]},{\"@type\":\"BreadcrumbList\",\"@id\":\"https:\\\/\\\/greatermiramichisc.ca\\\/fr\\\/services-damenagement\\\/comite-dexamen-et-dajustement-de-la-planification-crp\\\/#breadcrumb\",\"itemListElement\":[{\"@type\":\"ListItem\",\"position\":1,\"name\":\"Home\",\"item\":\"https:\\\/\\\/greatermiramichisc.ca\\\/fr\\\/\"},{\"@type\":\"ListItem\",\"position\":2,\"name\":\"Services d&rsquo;am\u00e9nagement\",\"item\":\"https:\\\/\\\/greatermiramichisc.ca\\\/fr\\\/services-damenagement\\\/\"},{\"@type\":\"ListItem\",\"position\":3,\"name\":\"Comit\u00e9 d&rsquo;examen et d&rsquo;ajustement de la planification (CRP)\"}]},{\"@type\":\"WebSite\",\"@id\":\"https:\\\/\\\/greatermiramichisc.ca\\\/#website\",\"url\":\"https:\\\/\\\/greatermiramichisc.ca\\\/\",\"name\":\"Greater Miramichi Service Commission\",\"description\":\"Welcome to the Miramichi region.\",\"publisher\":{\"@id\":\"https:\\\/\\\/greatermiramichisc.ca\\\/#organization\"},\"alternateName\":\"GMSC\",\"potentialAction\":[{\"@type\":\"SearchAction\",\"target\":{\"@type\":\"EntryPoint\",\"urlTemplate\":\"https:\\\/\\\/greatermiramichisc.ca\\\/?s={search_term_string}\"},\"query-input\":{\"@type\":\"PropertyValueSpecification\",\"valueRequired\":true,\"valueName\":\"search_term_string\"}}],\"inLanguage\":\"fr-FR\"},{\"@type\":\"Organization\",\"@id\":\"https:\\\/\\\/greatermiramichisc.ca\\\/#organization\",\"name\":\"Greater Miramichi Service Commission\",\"alternateName\":\"GMSC\",\"url\":\"https:\\\/\\\/greatermiramichisc.ca\\\/\",\"logo\":{\"@type\":\"ImageObject\",\"inLanguage\":\"fr-FR\",\"@id\":\"https:\\\/\\\/greatermiramichisc.ca\\\/#\\\/schema\\\/logo\\\/image\\\/\",\"url\":\"https:\\\/\\\/greatermiramichisc.ca\\\/wp-content\\\/uploads\\\/2024\\\/12\\\/NAV-Logo.png\",\"contentUrl\":\"https:\\\/\\\/greatermiramichisc.ca\\\/wp-content\\\/uploads\\\/2024\\\/12\\\/NAV-Logo.png\",\"width\":1140,\"height\":345,\"caption\":\"Greater Miramichi Service Commission\"},\"image\":{\"@id\":\"https:\\\/\\\/greatermiramichisc.ca\\\/#\\\/schema\\\/logo\\\/image\\\/\"}}]}<\/script>\n<!-- \/ Yoast SEO plugin. -->","yoast_head_json":{"title":"Comit\u00e9 d'examen et d'ajustement de la planification (CRP) | Greater Miramichi Service Commission","description":"Want to learn more about the Greater Miramichi Service Commission? Visit our Comit\u00e9 d'examen et d'ajustement de la planification (CRP) page to learn more!","robots":{"index":"index","follow":"follow","max-snippet":"max-snippet:-1","max-image-preview":"max-image-preview:large","max-video-preview":"max-video-preview:-1"},"canonical":"https:\/\/greatermiramichisc.ca\/fr\/services-damenagement\/comite-dexamen-et-dajustement-de-la-planification-crp\/","og_locale":"fr_FR","og_type":"article","og_title":"Comit\u00e9 d'examen et d'ajustement de la planification (CRP) | Greater Miramichi Service Commission","og_description":"Want to learn more about the Greater Miramichi Service Commission? Visit our Comit\u00e9 d'examen et d'ajustement de la planification (CRP) page to learn more!","og_url":"https:\/\/greatermiramichisc.ca\/fr\/services-damenagement\/comite-dexamen-et-dajustement-de-la-planification-crp\/","og_site_name":"Greater Miramichi Service Commission","article_modified_time":"2026-04-15T14:40:52+00:00","og_image":[{"width":1020,"height":574,"url":"https:\/\/greatermiramichisc.ca\/wp-content\/uploads\/2025\/04\/RegionalStrategyVid.png","type":"image\/png"}],"twitter_card":"summary_large_image","twitter_misc":{"Dur\u00e9e de lecture estim\u00e9e":"2 minutes"},"schema":{"@context":"https:\/\/schema.org","@graph":[{"@type":"WebPage","@id":"https:\/\/greatermiramichisc.ca\/fr\/services-damenagement\/comite-dexamen-et-dajustement-de-la-planification-crp\/","url":"https:\/\/greatermiramichisc.ca\/fr\/services-damenagement\/comite-dexamen-et-dajustement-de-la-planification-crp\/","name":"Comit\u00e9 d'examen et d'ajustement de la planification (CRP) | Greater Miramichi Service Commission","isPartOf":{"@id":"https:\/\/greatermiramichisc.ca\/#website"},"datePublished":"2025-04-13T09:11:47+00:00","dateModified":"2026-04-15T14:40:52+00:00","description":"Want to learn more about the Greater Miramichi Service Commission? Visit our Comit\u00e9 d'examen et d'ajustement de la planification (CRP) page to learn more!","breadcrumb":{"@id":"https:\/\/greatermiramichisc.ca\/fr\/services-damenagement\/comite-dexamen-et-dajustement-de-la-planification-crp\/#breadcrumb"},"inLanguage":"fr-FR","potentialAction":[{"@type":"ReadAction","target":["https:\/\/greatermiramichisc.ca\/fr\/services-damenagement\/comite-dexamen-et-dajustement-de-la-planification-crp\/"]}]},{"@type":"BreadcrumbList","@id":"https:\/\/greatermiramichisc.ca\/fr\/services-damenagement\/comite-dexamen-et-dajustement-de-la-planification-crp\/#breadcrumb","itemListElement":[{"@type":"ListItem","position":1,"name":"Home","item":"https:\/\/greatermiramichisc.ca\/fr\/"},{"@type":"ListItem","position":2,"name":"Services d&rsquo;am\u00e9nagement","item":"https:\/\/greatermiramichisc.ca\/fr\/services-damenagement\/"},{"@type":"ListItem","position":3,"name":"Comit\u00e9 d&rsquo;examen et d&rsquo;ajustement de la planification (CRP)"}]},{"@type":"WebSite","@id":"https:\/\/greatermiramichisc.ca\/#website","url":"https:\/\/greatermiramichisc.ca\/","name":"Greater Miramichi Service Commission","description":"Welcome to the Miramichi region.","publisher":{"@id":"https:\/\/greatermiramichisc.ca\/#organization"},"alternateName":"GMSC","potentialAction":[{"@type":"SearchAction","target":{"@type":"EntryPoint","urlTemplate":"https:\/\/greatermiramichisc.ca\/?s={search_term_string}"},"query-input":{"@type":"PropertyValueSpecification","valueRequired":true,"valueName":"search_term_string"}}],"inLanguage":"fr-FR"},{"@type":"Organization","@id":"https:\/\/greatermiramichisc.ca\/#organization","name":"Greater Miramichi Service Commission","alternateName":"GMSC","url":"https:\/\/greatermiramichisc.ca\/","logo":{"@type":"ImageObject","inLanguage":"fr-FR","@id":"https:\/\/greatermiramichisc.ca\/#\/schema\/logo\/image\/","url":"https:\/\/greatermiramichisc.ca\/wp-content\/uploads\/2024\/12\/NAV-Logo.png","contentUrl":"https:\/\/greatermiramichisc.ca\/wp-content\/uploads\/2024\/12\/NAV-Logo.png","width":1140,"height":345,"caption":"Greater Miramichi Service Commission"},"image":{"@id":"https:\/\/greatermiramichisc.ca\/#\/schema\/logo\/image\/"}}]}},"_links":{"self":[{"href":"https:\/\/greatermiramichisc.ca\/fr\/wp-json\/wp\/v2\/pages\/3064","targetHints":{"allow":["GET"]}}],"collection":[{"href":"https:\/\/greatermiramichisc.ca\/fr\/wp-json\/wp\/v2\/pages"}],"about":[{"href":"https:\/\/greatermiramichisc.ca\/fr\/wp-json\/wp\/v2\/types\/page"}],"author":[{"embeddable":true,"href":"https:\/\/greatermiramichisc.ca\/fr\/wp-json\/wp\/v2\/users\/1"}],"replies":[{"embeddable":true,"href":"https:\/\/greatermiramichisc.ca\/fr\/wp-json\/wp\/v2\/comments?post=3064"}],"version-history":[{"count":14,"href":"https:\/\/greatermiramichisc.ca\/fr\/wp-json\/wp\/v2\/pages\/3064\/revisions"}],"predecessor-version":[{"id":8018,"href":"https:\/\/greatermiramichisc.ca\/fr\/wp-json\/wp\/v2\/pages\/3064\/revisions\/8018"}],"up":[{"embeddable":true,"href":"https:\/\/greatermiramichisc.ca\/fr\/wp-json\/wp\/v2\/pages\/3051"}],"wp:attachment":[{"href":"https:\/\/greatermiramichisc.ca\/fr\/wp-json\/wp\/v2\/media?parent=3064"}],"curies":[{"name":"wp","href":"https:\/\/api.w.org\/{rel}","templated":true}]}}